{"id":3461,"date":"2022-12-08T14:53:56","date_gmt":"2022-12-08T13:53:56","guid":{"rendered":"http:\/\/etanec.fr\/?post_type=product&#038;p=3461"},"modified":"2023-05-15T13:56:40","modified_gmt":"2023-05-15T11:56:40","slug":"lunette-fumee-prolux","status":"publish","type":"product","link":"https:\/\/etanec.fr\/index.php\/produit\/lunette-fumee-prolux\/","title":{"rendered":"Lunette fum\u00e9e PROLUX"},"content":{"rendered":"<p>Conception bi-oculaire avec une protection panoramique.\u00a0Des tempes avec un style \u00e9l\u00e9gant avec des renforts doux offre bien ajust\u00e9s.\u00a0Pont int\u00e9gr\u00e9 \u00e0 la monture.\u00a0Pont nasal adh\u00e9rent et r\u00e9glable pour s\u2019adapter correctement \u00e0 toutes les morphologies.\u00a0Les verres filtrent 99,9% des rayons UV nocifs.\u00a0Verres anti-rayures.\u00a0La monture et les verres offrent une protection contre les particules d\u2019\u00e9nergie faible \u00e0 haute vitesse \u00e0 45 m\/s et contre les liquides Les qualit\u00e9s optiques des verres sont conformes aux exigences de la classe 1 (la plus \u00e9lev\u00e9e).\u00a0Conforme \u00e0 la norme EN 166.<\/p>\n","protected":false},"excerpt":{"rendered":"<p>Conception bi-oculaire avec une protection panoramique<\/p>\n<p>Des tempes avec un style \u00e9l\u00e9gant avec des renforts doux offre bien ajust\u00e9s<\/p>\n<p>Pont int\u00e9gr\u00e9 \u00e0 la monture. Pont nasal adh\u00e9rent et r\u00e9glable pour s\u2019adapter correctement \u00e0 toutes les morphologies<\/p>\n<p>Les verres filtrent 99,9% des rayons UV nocifs. Verres anti-rayures<\/p>\n<p>La monture et les verres offrent une protection contre les particules d\u2019\u00e9nergie faible \u00e0 haute vitesse \u00e0 45 m\/s et contre les liquides<\/p>\n<p>Les qualit\u00e9s optiques des verres sont conformes aux exigences de la classe 1 (la plus \u00e9lev\u00e9e)<\/p>\n<p>Conforme \u00e0 la norme EN 166.<\/p>\n","protected":false},"featured_media":3462,"comment_status":"open","ping_status":"closed","template":"","meta":{"_monsterinsights_skip_tracking":false,"_monsterinsights_sitenote_active":false,"_monsterinsights_sitenote_note":"","_monsterinsights_sitenote_category":0,"jetpack_publicize_message":"","jetpack_publicize_feature_enabled":true,"jetpack_social_post_already_shared":false,"jetpack_social_options":{"image_generator_settings":{"template":"highway","default_image_id":0,"font":"","enabled":false},"version":2}},"product_brand":[],"product_cat":[40],"product_tag":[],"class_list":{"0":"post-3461","1":"product","2":"type-product","3":"status-publish","6":"product_cat-epi","8":"first","9":"instock","10":"taxable","11":"shipping-taxable","12":"product-type-simple"},"yoast_head":"<!-- This site is optimized with the Yoast SEO plugin v26.6 - https:\/\/yoast.com\/wordpress\/plugins\/seo\/ -->\n<title>Lunette fum\u00e9e PROLUX - ETANEC<\/title>\n<meta name=\"robots\" content=\"index, follow, max-snippet:-1, max-image-preview:large, max-video-preview:-1\" \/>\n<link rel=\"canonical\" href=\"http:\/\/etanec.fr\/index.php\/produit\/lunette-fumee-prolux\/\" \/>\n<meta property=\"og:locale\" content=\"fr_FR\" \/>\n<meta property=\"og:type\" content=\"article\" \/>\n<meta property=\"og:title\" content=\"Lunette fum\u00e9e PROLUX - ETANEC\" \/>\n<meta property=\"og:description\" content=\"Conception bi-oculaire avec une protection panoramique  Des tempes avec un style \u00e9l\u00e9gant avec des renforts doux offre bien ajust\u00e9s  Pont int\u00e9gr\u00e9 \u00e0 la monture. Pont nasal adh\u00e9rent et r\u00e9glable pour s\u2019adapter correctement \u00e0 toutes les morphologies  Les verres filtrent 99,9% des rayons UV nocifs. Verres anti-rayures  La monture et les verres offrent une protection contre les particules d\u2019\u00e9nergie faible \u00e0 haute vitesse \u00e0 45 m\/s et contre les liquides  Les qualit\u00e9s optiques des verres sont conformes aux exigences de la classe 1 (la plus \u00e9lev\u00e9e)  Conforme \u00e0 la norme EN 166.\" \/>\n<meta property=\"og:url\" content=\"http:\/\/etanec.fr\/index.php\/produit\/lunette-fumee-prolux\/\" \/>\n<meta property=\"og:site_name\" content=\"ETANEC\" \/>\n<meta property=\"article:modified_time\" content=\"2023-05-15T11:56:40+00:00\" \/>\n<meta property=\"og:image\" content=\"https:\/\/i0.wp.com\/etanec.fr\/wp-content\/uploads\/2022\/12\/r015002_610x610.jpeg?fit=610%2C610\" \/>\n\t<meta property=\"og:image:width\" content=\"610\" \/>\n\t<meta property=\"og:image:height\" content=\"610\" \/>\n\t<meta property=\"og:image:type\" content=\"image\/jpeg\" \/>\n<meta name=\"twitter:card\" content=\"summary_large_image\" \/>\n<meta name=\"twitter:label1\" content=\"Dur\u00e9e de lecture estim\u00e9e\" \/>\n\t<meta name=\"twitter:data1\" content=\"1 minute\" \/>\n<script type=\"application\/ld+json\" class=\"yoast-schema-graph\">{\"@context\":\"https:\/\/schema.org\",\"@graph\":[{\"@type\":\"WebPage\",\"@id\":\"http:\/\/etanec.fr\/index.php\/produit\/lunette-fumee-prolux\/\",\"url\":\"http:\/\/etanec.fr\/index.php\/produit\/lunette-fumee-prolux\/\",\"name\":\"Lunette fum\u00e9e PROLUX - ETANEC\",\"isPartOf\":{\"@id\":\"https:\/\/etanec.fr\/#website\"},\"primaryImageOfPage\":{\"@id\":\"http:\/\/etanec.fr\/index.php\/produit\/lunette-fumee-prolux\/#primaryimage\"},\"image\":{\"@id\":\"http:\/\/etanec.fr\/index.php\/produit\/lunette-fumee-prolux\/#primaryimage\"},\"thumbnailUrl\":\"https:\/\/i0.wp.com\/etanec.fr\/wp-content\/uploads\/2022\/12\/r015002_610x610.jpeg?fit=610%2C610&ssl=1\",\"datePublished\":\"2022-12-08T13:53:56+00:00\",\"dateModified\":\"2023-05-15T11:56:40+00:00\",\"breadcrumb\":{\"@id\":\"http:\/\/etanec.fr\/index.php\/produit\/lunette-fumee-prolux\/#breadcrumb\"},\"inLanguage\":\"fr-FR\",\"potentialAction\":[{\"@type\":\"ReadAction\",\"target\":[\"http:\/\/etanec.fr\/index.php\/produit\/lunette-fumee-prolux\/\"]}]},{\"@type\":\"ImageObject\",\"inLanguage\":\"fr-FR\",\"@id\":\"http:\/\/etanec.fr\/index.php\/produit\/lunette-fumee-prolux\/#primaryimage\",\"url\":\"https:\/\/i0.wp.com\/etanec.fr\/wp-content\/uploads\/2022\/12\/r015002_610x610.jpeg?fit=610%2C610&ssl=1\",\"contentUrl\":\"https:\/\/i0.wp.com\/etanec.fr\/wp-content\/uploads\/2022\/12\/r015002_610x610.jpeg?fit=610%2C610&ssl=1\",\"width\":610,\"height\":610},{\"@type\":\"BreadcrumbList\",\"@id\":\"http:\/\/etanec.fr\/index.php\/produit\/lunette-fumee-prolux\/#breadcrumb\",\"itemListElement\":[{\"@type\":\"ListItem\",\"position\":1,\"name\":\"Accueil\",\"item\":\"https:\/\/etanec.fr\/\"},{\"@type\":\"ListItem\",\"position\":2,\"name\":\"Gamme de produits\",\"item\":\"https:\/\/etanec.fr\/index.php\/boutique\/\"},{\"@type\":\"ListItem\",\"position\":3,\"name\":\"Lunette fum\u00e9e PROLUX\"}]},{\"@type\":\"WebSite\",\"@id\":\"https:\/\/etanec.fr\/#website\",\"url\":\"https:\/\/etanec.fr\/\",\"name\":\"etanec.fr\",\"description\":\"Votre Solution en Outillage &amp; Fixation Enveloppe du batiment\",\"publisher\":{\"@id\":\"https:\/\/etanec.fr\/#organization\"},\"potentialAction\":[{\"@type\":\"SearchAction\",\"target\":{\"@type\":\"EntryPoint\",\"urlTemplate\":\"https:\/\/etanec.fr\/?s={search_term_string}\"},\"query-input\":{\"@type\":\"PropertyValueSpecification\",\"valueRequired\":true,\"valueName\":\"search_term_string\"}}],\"inLanguage\":\"fr-FR\"},{\"@type\":\"Organization\",\"@id\":\"https:\/\/etanec.fr\/#organization\",\"name\":\"etanec.fr\",\"url\":\"https:\/\/etanec.fr\/\",\"logo\":{\"@type\":\"ImageObject\",\"inLanguage\":\"fr-FR\",\"@id\":\"https:\/\/etanec.fr\/#\/schema\/logo\/image\/\",\"url\":\"https:\/\/i0.wp.com\/etanec.fr\/wp-content\/uploads\/2017\/11\/cropped-cropped-cropped-ETANEC-LOGO-2017-RVBTRANSP-HD-e1509965316759.png?fit=350%2C75&ssl=1\",\"contentUrl\":\"https:\/\/i0.wp.com\/etanec.fr\/wp-content\/uploads\/2017\/11\/cropped-cropped-cropped-ETANEC-LOGO-2017-RVBTRANSP-HD-e1509965316759.png?fit=350%2C75&ssl=1\",\"width\":350,\"height\":75,\"caption\":\"etanec.fr\"},\"image\":{\"@id\":\"https:\/\/etanec.fr\/#\/schema\/logo\/image\/\"},\"sameAs\":[\"https:\/\/www.linkedin.com\/company\/etanecgroup\/?viewAsMember=true\"]}]}<\/script>\n<!-- \/ Yoast SEO plugin. -->","yoast_head_json":{"title":"Lunette fum\u00e9e PROLUX - ETANEC","robots":{"index":"index","follow":"follow","max-snippet":"max-snippet:-1","max-image-preview":"max-image-preview:large","max-video-preview":"max-video-preview:-1"},"canonical":"http:\/\/etanec.fr\/index.php\/produit\/lunette-fumee-prolux\/","og_locale":"fr_FR","og_type":"article","og_title":"Lunette fum\u00e9e PROLUX - ETANEC","og_description":"Conception bi-oculaire avec une protection panoramique  Des tempes avec un style \u00e9l\u00e9gant avec des renforts doux offre bien ajust\u00e9s  Pont int\u00e9gr\u00e9 \u00e0 la monture. Pont nasal adh\u00e9rent et r\u00e9glable pour s\u2019adapter correctement \u00e0 toutes les morphologies  Les verres filtrent 99,9% des rayons UV nocifs. Verres anti-rayures  La monture et les verres offrent une protection contre les particules d\u2019\u00e9nergie faible \u00e0 haute vitesse \u00e0 45 m\/s et contre les liquides  Les qualit\u00e9s optiques des verres sont conformes aux exigences de la classe 1 (la plus \u00e9lev\u00e9e)  Conforme \u00e0 la norme EN 166.","og_url":"http:\/\/etanec.fr\/index.php\/produit\/lunette-fumee-prolux\/","og_site_name":"ETANEC","article_modified_time":"2023-05-15T11:56:40+00:00","og_image":[{"width":610,"height":610,"url":"https:\/\/i0.wp.com\/etanec.fr\/wp-content\/uploads\/2022\/12\/r015002_610x610.jpeg?fit=610%2C610","type":"image\/jpeg"}],"twitter_card":"summary_large_image","twitter_misc":{"Dur\u00e9e de lecture estim\u00e9e":"1 minute"},"schema":{"@context":"https:\/\/schema.org","@graph":[{"@type":"WebPage","@id":"http:\/\/etanec.fr\/index.php\/produit\/lunette-fumee-prolux\/","url":"http:\/\/etanec.fr\/index.php\/produit\/lunette-fumee-prolux\/","name":"Lunette fum\u00e9e PROLUX - ETANEC","isPartOf":{"@id":"https:\/\/etanec.fr\/#website"},"primaryImageOfPage":{"@id":"http:\/\/etanec.fr\/index.php\/produit\/lunette-fumee-prolux\/#primaryimage"},"image":{"@id":"http:\/\/etanec.fr\/index.php\/produit\/lunette-fumee-prolux\/#primaryimage"},"thumbnailUrl":"https:\/\/i0.wp.com\/etanec.fr\/wp-content\/uploads\/2022\/12\/r015002_610x610.jpeg?fit=610%2C610&ssl=1","datePublished":"2022-12-08T13:53:56+00:00","dateModified":"2023-05-15T11:56:40+00:00","breadcrumb":{"@id":"http:\/\/etanec.fr\/index.php\/produit\/lunette-fumee-prolux\/#breadcrumb"},"inLanguage":"fr-FR","potentialAction":[{"@type":"ReadAction","target":["http:\/\/etanec.fr\/index.php\/produit\/lunette-fumee-prolux\/"]}]},{"@type":"ImageObject","inLanguage":"fr-FR","@id":"http:\/\/etanec.fr\/index.php\/produit\/lunette-fumee-prolux\/#primaryimage","url":"https:\/\/i0.wp.com\/etanec.fr\/wp-content\/uploads\/2022\/12\/r015002_610x610.jpeg?fit=610%2C610&ssl=1","contentUrl":"https:\/\/i0.wp.com\/etanec.fr\/wp-content\/uploads\/2022\/12\/r015002_610x610.jpeg?fit=610%2C610&ssl=1","width":610,"height":610},{"@type":"BreadcrumbList","@id":"http:\/\/etanec.fr\/index.php\/produit\/lunette-fumee-prolux\/#breadcrumb","itemListElement":[{"@type":"ListItem","position":1,"name":"Accueil","item":"https:\/\/etanec.fr\/"},{"@type":"ListItem","position":2,"name":"Gamme de produits","item":"https:\/\/etanec.fr\/index.php\/boutique\/"},{"@type":"ListItem","position":3,"name":"Lunette fum\u00e9e PROLUX"}]},{"@type":"WebSite","@id":"https:\/\/etanec.fr\/#website","url":"https:\/\/etanec.fr\/","name":"etanec.fr","description":"Votre Solution en Outillage &amp; Fixation Enveloppe du batiment","publisher":{"@id":"https:\/\/etanec.fr\/#organization"},"potentialAction":[{"@type":"SearchAction","target":{"@type":"EntryPoint","urlTemplate":"https:\/\/etanec.fr\/?s={search_term_string}"},"query-input":{"@type":"PropertyValueSpecification","valueRequired":true,"valueName":"search_term_string"}}],"inLanguage":"fr-FR"},{"@type":"Organization","@id":"https:\/\/etanec.fr\/#organization","name":"etanec.fr","url":"https:\/\/etanec.fr\/","logo":{"@type":"ImageObject","inLanguage":"fr-FR","@id":"https:\/\/etanec.fr\/#\/schema\/logo\/image\/","url":"https:\/\/i0.wp.com\/etanec.fr\/wp-content\/uploads\/2017\/11\/cropped-cropped-cropped-ETANEC-LOGO-2017-RVBTRANSP-HD-e1509965316759.png?fit=350%2C75&ssl=1","contentUrl":"https:\/\/i0.wp.com\/etanec.fr\/wp-content\/uploads\/2017\/11\/cropped-cropped-cropped-ETANEC-LOGO-2017-RVBTRANSP-HD-e1509965316759.png?fit=350%2C75&ssl=1","width":350,"height":75,"caption":"etanec.fr"},"image":{"@id":"https:\/\/etanec.fr\/#\/schema\/logo\/image\/"},"sameAs":["https:\/\/www.linkedin.com\/company\/etanecgroup\/?viewAsMember=true"]}]}},"jetpack_publicize_connections":[],"jetpack_sharing_enabled":true,"_links":{"self":[{"href":"https:\/\/etanec.fr\/index.php\/wp-json\/wp\/v2\/product\/3461","targetHints":{"allow":["GET"]}}],"collection":[{"href":"https:\/\/etanec.fr\/index.php\/wp-json\/wp\/v2\/product"}],"about":[{"href":"https:\/\/etanec.fr\/index.php\/wp-json\/wp\/v2\/types\/product"}],"replies":[{"embeddable":true,"href":"https:\/\/etanec.fr\/index.php\/wp-json\/wp\/v2\/comments?post=3461"}],"version-history":[{"count":2,"href":"https:\/\/etanec.fr\/index.php\/wp-json\/wp\/v2\/product\/3461\/revisions"}],"predecessor-version":[{"id":6651,"href":"https:\/\/etanec.fr\/index.php\/wp-json\/wp\/v2\/product\/3461\/revisions\/6651"}],"wp:featuredmedia":[{"embeddable":true,"href":"https:\/\/etanec.fr\/index.php\/wp-json\/wp\/v2\/media\/3462"}],"wp:attachment":[{"href":"https:\/\/etanec.fr\/index.php\/wp-json\/wp\/v2\/media?parent=3461"}],"wp:term":[{"taxonomy":"product_brand","embeddable":true,"href":"https:\/\/etanec.fr\/index.php\/wp-json\/wp\/v2\/product_brand?post=3461"},{"taxonomy":"product_cat","embeddable":true,"href":"https:\/\/etanec.fr\/index.php\/wp-json\/wp\/v2\/product_cat?post=3461"},{"taxonomy":"product_tag","embeddable":true,"href":"https:\/\/etanec.fr\/index.php\/wp-json\/wp\/v2\/product_tag?post=3461"}],"curies":[{"name":"wp","href":"https:\/\/api.w.org\/{rel}","templated":true}]}}